{"id":1765,"date":"2020-05-04T12:28:08","date_gmt":"2020-05-04T10:28:08","guid":{"rendered":"https:\/\/fundacionfondo.eus\/ezagutzaren-leihoa\/interculturalidad\/"},"modified":"2020-06-10T20:50:36","modified_gmt":"2020-06-10T18:50:36","slug":"kulturartekotasuna","status":"publish","type":"page","link":"https:\/\/fundacionfondo.eus\/eu\/ezagutzaren-leihoa\/kulturartekotasuna\/","title":{"rendered":"Kulturartekotasuna"},"content":{"rendered":"<div class=\"wpb-content-wrapper\" id=\"wpb-content-root\"><p>[vc_row][vc_column][vc_row_inner css=&#8221;.vc_custom_1587037717115{padding-top: 60px !important;}&#8221; el_class=&#8221;custom-column parrafo&#8221;][vc_column_inner][vc_column_text]<\/p>\n<h2>Argitalpenak eta artikuluak<\/h2>\n<p>[\/vc_column_text][\/vc_column_inner][\/vc_row_inner][\/vc_column][\/vc_row][vc_row css=&#8221;.vc_custom_1582648748845{background-color: #f9f9f9 !important;}&#8221;][vc_column][vc_row_inner el_class=&#8221;custom-column parrafo imgsombra manuales&#8221;][vc_column_inner width=&#8221;1\/3&#8243; css=&#8221;.vc_custom_1587034021690{padding-top: 50px !important;}&#8221;][vc_column_text el_class=&#8221;boton1 parrafo&#8221; css=&#8221;.vc_custom_1591813222801{padding-top: 30px !important;}&#8221;]<\/p>\n<h3>Liburua: 5 kontinenteetako 38 ipuin herrikoi<\/h3>\n<p><em>Fundaci\u00f3n Fondo Formaci\u00f3n<br \/>\n<\/em>[\/vc_column_text][vc_column_text el_class=&#8221;boton1 parrafo&#8221;]<a href=\"\/wp-content\/uploads\/2020\/05\/libro-38-cuentos-populares-5-continentes.pdf\" target=\"_blank\" rel=\"noopener noreferrer\"><img loading=\"lazy\" decoding=\"async\" class=\"aligncenter wp-image-1493 size-full\" src=\"https:\/\/fundacionfondo.eus\/wp-content\/uploads\/2020\/05\/libro-38-cuentos-populares-5-continentes.jpg\" alt=\"38 cuentos populares de los 5 continentes\" width=\"501\" height=\"711\" srcset=\"https:\/\/fundacionfondo.eus\/wp-content\/uploads\/2020\/05\/libro-38-cuentos-populares-5-continentes.jpg 501w, https:\/\/fundacionfondo.eus\/wp-content\/uploads\/2020\/05\/libro-38-cuentos-populares-5-continentes-211x300.jpg 211w\" sizes=\"auto, (max-width: 501px) 100vw, 501px\" \/><\/a>[\/vc_column_text][vc_column_text el_class=&#8221;boton2&#8243;]<a href=\"\/wp-content\/uploads\/2020\/05\/libro-38-cuentos-populares-5-continentes.pdf\" target=\"_blank\" rel=\"noopener noreferrer\">Ikusi\/deskargatu<\/a>[\/vc_column_text][\/vc_column_inner][vc_column_inner width=&#8221;1\/3&#8243; css=&#8221;.vc_custom_1587034026977{padding-top: 50px !important;}&#8221;][vc_column_text el_class=&#8221;boton1 parrafo&#8221; css=&#8221;.vc_custom_1591813652257{padding-top: 30px !important;}&#8221;]<\/p>\n<h3>Gutuna gure aliatu zuriari<\/h3>\n<p><em>Gure pribilegio zuria aztertzeko beharrari buruzko artikulua, egiturazko sistema arrazista batek diskriminazio desberdinak eragiten dizkien pertsonei dagokienez<\/em>[\/vc_column_text][vc_column_text el_class=&#8221;boton1 parrafo&#8221;]<a href=\"\/wp-content\/uploads\/2020\/06\/carta-a-nuestra-aliada-blanca-eusk.pdf\" target=\"_blank\" rel=\"noopener noreferrer\"><img loading=\"lazy\" decoding=\"async\" class=\"aligncenter wp-image-1772 size-full\" src=\"https:\/\/fundacionfondo.eus\/wp-content\/uploads\/2020\/06\/carta-a-nuestra-aliada-blanca-eus.jpg\" alt=\"Gutuna gure aliatu zuriari\" width=\"501\" height=\"711\" srcset=\"https:\/\/fundacionfondo.eus\/wp-content\/uploads\/2020\/06\/carta-a-nuestra-aliada-blanca-eus.jpg 501w, https:\/\/fundacionfondo.eus\/wp-content\/uploads\/2020\/06\/carta-a-nuestra-aliada-blanca-eus-211x300.jpg 211w\" sizes=\"auto, (max-width: 501px) 100vw, 501px\" \/><\/a>[\/vc_column_text][vc_column_text el_class=&#8221;boton2&#8243;]<a href=\"\/wp-content\/uploads\/2020\/06\/carta-a-nuestra-aliada-blanca-eusk.pdf\" target=\"_blank\" rel=\"noopener noreferrer\">Ikusi\/deskargatu<\/a>[\/vc_column_text][\/vc_column_inner][vc_column_inner width=&#8221;1\/3&#8243; css=&#8221;.vc_custom_1587034037068{padding-top: 50px !important;}&#8221;][vc_column_text el_class=&#8221;boton1 parrafo&#8221; css=&#8221;.vc_custom_1591813689112{padding-top: 30px !important;}&#8221;]<\/p>\n<h3>Elkarbizitzarako ipuinak proiektuaren buletinak<\/h3>\n<p><em>Laudioko, Artzeniegako eta Amurrioko liburutegietan dagoen bibliografia dute, bai eta kultura-, funtzio- eta\/edo genero-aniztasuna lantzeko gurasoei gomendatutako beste baliabide batzuk ere<\/em><br \/>\n<em>Fundaci\u00f3n Fondo Formaci\u00f3n<\/em>[\/vc_column_text][vc_column_text el_class=&#8221;boton2&#8243;]<a href=\"\/wp-content\/uploads\/2020\/05\/boletin-amurrio-2018.pdf\" target=\"_blank\" rel=\"noopener noreferrer\">Amurrioko buletina 2018<\/a><br \/>\n<a href=\"\/wp-content\/uploads\/2020\/05\/boletin-amurrio-2019.pdf\" target=\"_blank\" rel=\"noopener noreferrer\">Amurrioko buletina 2019<\/a><br \/>\n<a href=\"\/wp-content\/uploads\/2020\/05\/boletin-artziniega-2018.pdf\" target=\"_blank\" rel=\"noopener noreferrer\">Artziniegako buletina 2018<\/a><br \/>\n<a href=\"\/wp-content\/uploads\/2020\/05\/boletin-artziniega-2019.pdf\" target=\"_blank\" rel=\"noopener noreferrer\">Artziniegako buletina 2019<\/a><br \/>\n<a href=\"\/wp-content\/uploads\/2020\/05\/boletin-llodio-2018.pdf\" target=\"_blank\" rel=\"noopener noreferrer\">Laudioko buletina 2018<\/a><br \/>\n<a href=\"\/wp-content\/uploads\/2020\/05\/boletin-llodio-2019.pdf\" target=\"_blank\" rel=\"noopener noreferrer\">Laudioko buletina 2019<\/a>[\/vc_column_text][\/vc_column_inner][\/vc_row_inner][\/vc_column][\/vc_row][vc_row][vc_column][vc_row_inner css=&#8221;.vc_custom_1587037735116{padding-top: 60px !important;}&#8221; el_class=&#8221;custom-column parrafo&#8221;][vc_column_inner][vc_column_text]<\/p>\n<h2>Sareak<\/h2>\n<p>[\/vc_column_text][\/vc_column_inner][\/vc_row_inner][vc_row_inner equal_height=&#8221;yes&#8221; el_class=&#8221;custom-column parrafo videos-contenedor&#8221; css=&#8221;.vc_custom_1588012673073{padding-top: 40px !important;}&#8221;][vc_column_inner width=&#8221;1\/3&#8243;][vc_column_text]<\/p>\n<h3>Azalak Elkartea<\/h3>\n<p><em>Afrikar ondorengoak dituzten familien elkartea arrazakeriaren aurkako borrokan<\/em><\/p>\n<p>[\/vc_column_text][vc_column_text el_class=&#8221;video&#8221;]<a href=\"https:\/\/www.facebook.com\/azalak.elkartea\" target=\"_blank\" rel=\"noopener noreferrer\"><img loading=\"lazy\" decoding=\"async\" class=\"aligncenter size-full wp-image-1505\" src=\"https:\/\/fundacionfondo.eus\/wp-content\/uploads\/2020\/05\/azalak.jpg\" alt=\"Azalak\" width=\"501\" height=\"501\" srcset=\"https:\/\/fundacionfondo.eus\/wp-content\/uploads\/2020\/05\/azalak.jpg 501w, https:\/\/fundacionfondo.eus\/wp-content\/uploads\/2020\/05\/azalak-300x300.jpg 300w, https:\/\/fundacionfondo.eus\/wp-content\/uploads\/2020\/05\/azalak-150x150.jpg 150w\" sizes=\"auto, (max-width: 501px) 100vw, 501px\" \/><\/a>[\/vc_column_text][vc_column_text el_class=&#8221;boton2&#8243;]<a href=\"https:\/\/www.facebook.com\/azalak.elkartea\" target=\"_blank\" rel=\"noopener noreferrer\">Ikusi<\/a>[\/vc_column_text][\/vc_column_inner][vc_column_inner width=&#8221;1\/3&#8243;][vc_column_text]<\/p>\n<h3>Lucia Asu\u00e9 Mbomio Rubio<\/h3>\n<p><em>Kazetari afroespainiarra, errealitate afroondorengoen sentsibilizazioan eta bisualizazioan erreferente bikaina<br \/>\n<\/em>[\/vc_column_text][vc_column_text el_class=&#8221;video&#8221;]<a href=\"https:\/\/www.instagram.com\/luciambomio\/\" target=\"_blank\" rel=\"noopener noreferrer\"><img loading=\"lazy\" decoding=\"async\" class=\"aligncenter wp-image-1506 size-full\" src=\"https:\/\/fundacionfondo.eus\/wp-content\/uploads\/2020\/05\/lucia-asue-mbomio.jpg\" alt=\"Luc\u00eda Asu\u00e9 Mbomio Rubio\" width=\"501\" height=\"501\" srcset=\"https:\/\/fundacionfondo.eus\/wp-content\/uploads\/2020\/05\/lucia-asue-mbomio.jpg 501w, https:\/\/fundacionfondo.eus\/wp-content\/uploads\/2020\/05\/lucia-asue-mbomio-300x300.jpg 300w, https:\/\/fundacionfondo.eus\/wp-content\/uploads\/2020\/05\/lucia-asue-mbomio-150x150.jpg 150w\" sizes=\"auto, (max-width: 501px) 100vw, 501px\" \/><\/a>[\/vc_column_text][vc_column_text el_class=&#8221;boton2&#8243;]<a href=\"https:\/\/www.instagram.com\/luciambomio\/\" target=\"_blank\" rel=\"noopener noreferrer\">Ikusi<\/a>[\/vc_column_text][\/vc_column_inner][vc_column_inner width=&#8221;1\/3&#8243;][vc_column_text]<\/p>\n<h3>Desir\u00e9e Bela<\/h3>\n<p><em> Komunikatzaile Afrofeminista.<br \/>\n<\/em><em>Aktibismo estetikoa ile latzagatik<br \/>\n<\/em>[\/vc_column_text][vc_column_text el_class=&#8221;video&#8221;]<a href=\"https:\/\/www.instagram.com\/desireebela\/\" target=\"_blank\" rel=\"noopener noreferrer\"><img loading=\"lazy\" decoding=\"async\" class=\"aligncenter wp-image-1508 size-full\" src=\"https:\/\/fundacionfondo.eus\/wp-content\/uploads\/2020\/05\/desiree-bela.jpg\" alt=\"Desir\u00e9e Bela\" width=\"501\" height=\"501\" srcset=\"https:\/\/fundacionfondo.eus\/wp-content\/uploads\/2020\/05\/desiree-bela.jpg 501w, https:\/\/fundacionfondo.eus\/wp-content\/uploads\/2020\/05\/desiree-bela-300x300.jpg 300w, https:\/\/fundacionfondo.eus\/wp-content\/uploads\/2020\/05\/desiree-bela-150x150.jpg 150w\" sizes=\"auto, (max-width: 501px) 100vw, 501px\" \/><\/a>[\/vc_column_text][vc_column_text el_class=&#8221;boton2&#8243;]<a href=\"https:\/\/www.instagram.com\/desireebela\/\" target=\"_blank\" rel=\"noopener noreferrer\">Ikusi<\/a>[\/vc_column_text][\/vc_column_inner][\/vc_row_inner][\/vc_column][\/vc_row][vc_row][vc_column][vc_row_inner css=&#8221;.vc_custom_1587037735116{padding-top: 60px !important;}&#8221; el_class=&#8221;custom-column parrafo&#8221;][vc_column_inner][vc_column_text]<\/p>\n<h2>Online<\/h2>\n<p>[\/vc_column_text][\/vc_column_inner][\/vc_row_inner][vc_row_inner equal_height=&#8221;yes&#8221; el_class=&#8221;custom-column parrafo videos-contenedor&#8221; css=&#8221;.vc_custom_1588012673073{padding-top: 40px !important;}&#8221;][vc_column_inner width=&#8221;1\/2&#8243;][vc_column_text]<\/p>\n<h3>Kulturarteko ikasgela<\/h3>\n<p><em>Webgunea kulturartekotasuna lantzeko baliabide, multimedia, artikulu&#8230;<br \/>\n<\/em>[\/vc_column_text][vc_column_text el_class=&#8221;video&#8221;]<a href=\"https:\/\/aulaintercultural.org\/\" target=\"_blank\" rel=\"noopener noreferrer\"><img loading=\"lazy\" decoding=\"async\" class=\"aligncenter wp-image-1510 size-full\" src=\"https:\/\/fundacionfondo.eus\/wp-content\/uploads\/2020\/05\/aula-intercultural.jpg\" alt=\"Aula Intercultural\" width=\"800\" height=\"125\" srcset=\"https:\/\/fundacionfondo.eus\/wp-content\/uploads\/2020\/05\/aula-intercultural.jpg 800w, https:\/\/fundacionfondo.eus\/wp-content\/uploads\/2020\/05\/aula-intercultural-300x47.jpg 300w, https:\/\/fundacionfondo.eus\/wp-content\/uploads\/2020\/05\/aula-intercultural-768x120.jpg 768w\" sizes=\"auto, (max-width: 800px) 100vw, 800px\" \/><\/a>[\/vc_column_text][vc_column_text el_class=&#8221;boton2&#8243;]<a href=\"https:\/\/aulaintercultural.org\/\" target=\"_blank\" rel=\"noopener noreferrer\">Ikusi<\/a>[\/vc_column_text][\/vc_column_inner][vc_column_inner width=&#8221;1\/2&#8243;][vc_column_text]<\/p>\n<h3>Afrofeminak<\/h3>\n<p><em>2014an sortutako lineako erkidegoa da, Espainiako emakume afrikar ondorengoak\/beltzak ahotsa emateko eta ikusarazteko. Literaturaz, iritziaz, poesiaz eta kazetaritzaz hitz egiteko bitarteko digitala izatea du helburu, emakume arrazionatuaren ikuspegitik elkarrizketa ezartzeko.<br \/>\n<\/em>[\/vc_column_text][vc_column_text el_class=&#8221;video&#8221;]<a href=\"https:\/\/afrofeminas.com\/\" target=\"_blank\" rel=\"noopener noreferrer\"><img loading=\"lazy\" decoding=\"async\" class=\"aligncenter wp-image-1511 size-full\" src=\"https:\/\/fundacionfondo.eus\/wp-content\/uploads\/2020\/05\/afrofeminas.jpg\" alt=\"Afrof\u00e9minas\" width=\"800\" height=\"314\" srcset=\"https:\/\/fundacionfondo.eus\/wp-content\/uploads\/2020\/05\/afrofeminas.jpg 800w, https:\/\/fundacionfondo.eus\/wp-content\/uploads\/2020\/05\/afrofeminas-300x118.jpg 300w, https:\/\/fundacionfondo.eus\/wp-content\/uploads\/2020\/05\/afrofeminas-768x301.jpg 768w\" sizes=\"auto, (max-width: 800px) 100vw, 800px\" \/><\/a>[\/vc_column_text][vc_column_text el_class=&#8221;boton2&#8243;]<a href=\"https:\/\/afrofeminas.com\/\" target=\"_blank\" rel=\"noopener noreferrer\">Ikusi<\/a>[\/vc_column_text][\/vc_column_inner][\/vc_row_inner][vc_row_inner el_class=&#8221;custom-column&#8221; css=&#8221;.vc_custom_1582899172619{padding-bottom: 50px !important;}&#8221;][vc_column_inner css=&#8221;.vc_custom_1583151994374{padding-right: 25px !important;}&#8221;][vc_column_text el_class=&#8221;boton1 parrafo&#8221; css=&#8221;.vc_custom_1591814969422{padding-top: 30px !important;}&#8221;]<\/p>\n<blockquote><p>Bere arrastoa uzten duen irakaskuntza ez da burutik burura egiten dena, bihotzetik bihotzera baizik<br \/>\n<em>Howard G.<\/em><\/p><\/blockquote>\n<p>[\/vc_column_text][\/vc_column_inner][\/vc_row_inner][\/vc_column][\/vc_row][vc_row content_placement=&#8221;top&#8221; ses_title=&#8221;Nuestros colaboradores&#8221; ses_subtitle=&#8221;\u00bfEres una empresa o un particular y est\u00e1s interesado en colaborar con nosotros?<br \/>\nPoco o mucho, lo importante es aportar vuestro granito de arena.<br \/>\nEscr\u00edbenos por favor a info@fondoempleo.net y te proporcionaremos informaci\u00f3n y datos de c\u00f3mo ser\u00e1n utilizados tus recursos.&#8221; el_class=&#8221;container&#8221; css=&#8221;.vc_custom_1582646411564{padding-top: 50px !important;padding-bottom: 50px !important;}&#8221;][vc_column][vc_row_inner][vc_column_inner el_class=&#8221;centrar separador1&#8243; css=&#8221;.vc_custom_1582716205809{padding-bottom: 60px !important;}&#8221;][vc_column_text]<\/p>\n<hr \/>\n<h3>Enpresa edo partikularra zara eta gurekin elkarlanean aritzeko interesa duzu?<\/h3>\n<p>Gutxi edo asko, garrantzitsuena zuen aletxoa ekartzea da.<br \/>\nIdatz iezaguzu, mesedez, <a href=\"mailto:info@fondoempleo.net\">info@fondoempleo.net<\/a> helbidera, eta zure baliabideak nola erabiliko diren jakiteko informazioa eta datuak emango dizkizugu.<\/p>\n<blockquote><p>Aldea egiteko txikiegia zarela uste baduzu, saia zaitez eltxo batekin lo egiten.<br \/>\n<em>Afrikako esaera zaharra<\/em><\/p><\/blockquote>\n<p>[\/vc_column_text][\/vc_column_inner][\/vc_row_inner][\/vc_column][\/vc_row][vc_row][vc_column] \n\n<section class=\"instraction-area\" style=\"background: transparent url() no-repeat center center\/cover;\n\n    position: relative;\">\n\n  <div class=\"container\">\n\n    <div class=\"row inspiration-full-box\">\n\n      <div class=\"col-md-9 section-header-l\">\n\n        <h2>Jarri harremanetan Fondo Formaci\u00f3n Fundazioarekin<\/h2>\n\n        <p>Orientazio-zerbitzuan hitzordua eskatu nahi baduzu, lan-bitartekaritzako zerbitzuarekin harremanetan jarri, zure enpresarako pertsona bat kontratatu edo Fundazioko taldeko kide izan nahi baduzu, zure esanetara gaude<\/p>\n\n      <\/div>\n\n\n\n      <div class=\"col-md-3\">\n\n        <div class=\"instraction-btn\">\n\n          <a href=\"\/eu\/harremana\" class=\"\">harremanetan jarri<\/a>\n\n        <\/div>\n\n      <\/div>\n\n    <\/div>\n\n  <\/div>\n\n<\/section>\n\n[\/vc_column][\/vc_row]<\/p>\n<\/div>","protected":false},"excerpt":{"rendered":"<p>[vc_row][vc_column][vc_row_inner css=&#8221;.vc_custom_1587037717115{padding-top: 60px !important;}&#8221; el_class=&#8221;custom-column parrafo&#8221;][vc_column_inner][vc_column_text] Argitalpenak eta artikuluak [\/vc_column_text][\/vc_column_inner][\/vc_row_inner][\/vc_column][\/vc_row][vc_row css=&#8221;.vc_custom_1582648748845{background-color: #f9f9f9 !important;}&#8221;][vc_column][vc_row_inner el_class=&#8221;custom-column parrafo imgsombra manuales&#8221;][vc_column_inner width=&#8221;1\/3&#8243; css=&#8221;.vc_custom_1587034021690{padding-top: 50px [&hellip;]<\/p>\n","protected":false},"author":1,"featured_media":0,"parent":1668,"menu_order":4,"comment_status":"closed","ping_status":"closed","template":"page-templates\/other-page.php","meta":{"h5ap_radio_sources":[],"footnotes":""},"class_list":["post-1765","page","type-page","status-publish","hentry"],"_links":{"self":[{"href":"https:\/\/fundacionfondo.eus\/eu\/wp-json\/wp\/v2\/pages\/1765","targetHints":{"allow":["GET"]}}],"collection":[{"href":"https:\/\/fundacionfondo.eus\/eu\/wp-json\/wp\/v2\/pages"}],"about":[{"href":"https:\/\/fundacionfondo.eus\/eu\/wp-json\/wp\/v2\/types\/page"}],"author":[{"embeddable":true,"href":"https:\/\/fundacionfondo.eus\/eu\/wp-json\/wp\/v2\/users\/1"}],"replies":[{"embeddable":true,"href":"https:\/\/fundacionfondo.eus\/eu\/wp-json\/wp\/v2\/comments?post=1765"}],"version-history":[{"count":3,"href":"https:\/\/fundacionfondo.eus\/eu\/wp-json\/wp\/v2\/pages\/1765\/revisions"}],"predecessor-version":[{"id":1774,"href":"https:\/\/fundacionfondo.eus\/eu\/wp-json\/wp\/v2\/pages\/1765\/revisions\/1774"}],"up":[{"embeddable":true,"href":"https:\/\/fundacionfondo.eus\/eu\/wp-json\/wp\/v2\/pages\/1668"}],"wp:attachment":[{"href":"https:\/\/fundacionfondo.eus\/eu\/wp-json\/wp\/v2\/media?parent=1765"}],"curies":[{"name":"wp","href":"https:\/\/api.w.org\/{rel}","templated":true}]}}