{"id":1681,"date":"2020-04-15T13:45:59","date_gmt":"2020-04-15T11:45:59","guid":{"rendered":"https:\/\/fundacionfondo.eus\/ezagutzaren-leihoa\/educacion-para-el-desarrollo\/"},"modified":"2020-09-29T13:47:36","modified_gmt":"2020-09-29T11:47:36","slug":"garapenerako-hezkuntza","status":"publish","type":"page","link":"https:\/\/fundacionfondo.eus\/eu\/ezagutzaren-leihoa\/garapenerako-hezkuntza\/","title":{"rendered":"Garapenerako Hezkuntza"},"content":{"rendered":"<div class=\"wpb-content-wrapper\" id=\"wpb-content-root\"><p>[vc_row][vc_column][vc_row_inner css=&#8221;.vc_custom_1587037717115{padding-top: 60px !important;}&#8221; el_class=&#8221;custom-column parrafo&#8221;][vc_column_inner][vc_column_text]<\/p>\n<h2>Argitalpenak<\/h2>\n<p>[\/vc_column_text][\/vc_column_inner][\/vc_row_inner][\/vc_column][\/vc_row][vc_row css=&#8221;.vc_custom_1582648748845{background-color: #f9f9f9 !important;}&#8221;][vc_column][vc_row_inner el_class=&#8221;custom-column parrafo imgsombra manuales&#8221;][vc_column_inner width=&#8221;1\/3&#8243; css=&#8221;.vc_custom_1587034021690{padding-top: 50px !important;}&#8221;][vc_column_text el_class=&#8221;boton1 parrafo&#8221; css=&#8221;.vc_custom_1591791104154{padding-top: 30px !important;}&#8221;]<\/p>\n<h3>&#8220;Coeduca Garapenean&#8221; proiektuaren eskuliburua: garapenerako Hezkuntza, Genero Ikuspegitik, ikastetxeetan<\/h3>\n<p><em>Fundaci\u00f3n Fondo Formaci\u00f3n<\/em>[\/vc_column_text][vc_column_text el_class=&#8221;boton1 parrafo&#8221;]<a href=\"\/wp-content\/uploads\/2020\/06\/manual-coeduca-en-desarrollo-profesorado-eus.pdf\" target=\"_blank\" rel=\"noopener noreferrer\"><img loading=\"lazy\" decoding=\"async\" class=\"aligncenter wp-image-1685 size-full\" src=\"https:\/\/fundacionfondo.eus\/wp-content\/uploads\/2020\/06\/manual-coeduca-en-desarrollo-centros-educativos-eusk.jpg\" alt=\"&quot;Coeduca Garapenean&quot; proiektuaren eskuliburua: garapenerako Hezkuntza, Genero Ikuspegitik, ikastetxeetan\" width=\"501\" height=\"711\" srcset=\"https:\/\/fundacionfondo.eus\/wp-content\/uploads\/2020\/06\/manual-coeduca-en-desarrollo-centros-educativos-eusk.jpg 501w, https:\/\/fundacionfondo.eus\/wp-content\/uploads\/2020\/06\/manual-coeduca-en-desarrollo-centros-educativos-eusk-211x300.jpg 211w\" sizes=\"auto, (max-width: 501px) 100vw, 501px\" \/><\/a>[\/vc_column_text][vc_column_text el_class=&#8221;boton2&#8243;]<a href=\"\/wp-content\/uploads\/2020\/06\/manual-coeduca-en-desarrollo-profesorado-eus.pdf\" target=\"_blank\" rel=\"noopener noreferrer\">Ikusi\/deskargatu<\/a>[\/vc_column_text][\/vc_column_inner][vc_column_inner width=&#8221;1\/3&#8243; css=&#8221;.vc_custom_1587034026977{padding-top: 50px !important;}&#8221;][vc_column_text el_class=&#8221;boton1 parrafo&#8221; css=&#8221;.vc_custom_1591802757384{padding-top: 30px !important;}&#8221;]<\/p>\n<h3>&#8220;Coeduca Garapenean&#8221; proiektuaren gidaliburua: garapenerako hezkuntza genero-ikuspegitik aisialdiko eta denbora libreko etorkizuneko begiraleentzat<\/h3>\n<p><em>Fundaci\u00f3n Fondo Formaci\u00f3n<\/em>[\/vc_column_text][vc_column_text el_class=&#8221;boton1 parrafo&#8221;]<a href=\"\/wp-content\/uploads\/2020\/04\/guia-recursos-coeduca-en-desarrollo-monitores-as.pdf\" target=\"_blank\" rel=\"noopener noreferrer\"><img loading=\"lazy\" decoding=\"async\" class=\"aligncenter wp-image-1381 size-full\" src=\"https:\/\/fundacionfondo.eus\/wp-content\/uploads\/2020\/04\/manual-coeduca-en-desarrollo-monitores-as.jpg\" alt=\"Manual Proyecto \u201cCoeduca en Desarrollo\u201d: Educaci\u00f3n para el Desarrollo desde la Perspectiva de G\u00e9nero para futuros\/as monitores\/as de ocio y tiempo libre\" width=\"501\" height=\"711\" srcset=\"https:\/\/fundacionfondo.eus\/wp-content\/uploads\/2020\/04\/manual-coeduca-en-desarrollo-monitores-as.jpg 501w, https:\/\/fundacionfondo.eus\/wp-content\/uploads\/2020\/04\/manual-coeduca-en-desarrollo-monitores-as-211x300.jpg 211w\" sizes=\"auto, (max-width: 501px) 100vw, 501px\" \/><\/a>[\/vc_column_text][vc_column_text el_class=&#8221;boton2&#8243;]<a href=\"\/wp-content\/uploads\/2020\/04\/guia-recursos-coeduca-en-desarrollo-monitores-as.pdf\" target=\"_blank\" rel=\"noopener noreferrer\">Ikusi\/deskargatu<\/a>[\/vc_column_text][\/vc_column_inner][vc_column_inner width=&#8221;1\/3&#8243; css=&#8221;.vc_custom_1587034037068{padding-top: 50px !important;}&#8221;][vc_column_text el_class=&#8221;boton1 parrafo&#8221; css=&#8221;.vc_custom_1591802855139{padding-top: 30px !important;}&#8221;]<\/p>\n<h3>&#8220;Coeduca Garapenean&#8221; proiektuko Baliabideen Gida: garapenerako Hezkuntza genero-ikuspegitik<\/h3>\n<p><em>Fundaci\u00f3n Fondo Formaci\u00f3n<\/em>[\/vc_column_text][vc_column_text el_class=&#8221;boton1 parrafo&#8221;]<a href=\"\/wp-content\/uploads\/2020\/04\/guia-recursos-coeduca-en-desarrollo-perspectiva-genero.pdf\" target=\"_blank\" rel=\"noopener noreferrer\"><img loading=\"lazy\" decoding=\"async\" class=\"aligncenter wp-image-1382 size-full\" src=\"https:\/\/fundacionfondo.eus\/wp-content\/uploads\/2020\/04\/manual-coeduca-en-desarrollo-perspectiva-genero.jpg\" alt=\"Gu\u00eda Recursos Proyecto \u201cCoeduca en Desarrollo\u201d: Educaci\u00f3n para el Desarrollo desde la Perspectiva de G\u00e9nero\" width=\"502\" height=\"712\" srcset=\"https:\/\/fundacionfondo.eus\/wp-content\/uploads\/2020\/04\/manual-coeduca-en-desarrollo-perspectiva-genero.jpg 502w, https:\/\/fundacionfondo.eus\/wp-content\/uploads\/2020\/04\/manual-coeduca-en-desarrollo-perspectiva-genero-212x300.jpg 212w\" sizes=\"auto, (max-width: 502px) 100vw, 502px\" \/><\/a>[\/vc_column_text][vc_column_text el_class=&#8221;boton2&#8243;]<a href=\"Educaci\u00f3n para el Desarrollo desde la Perspectiva de G\u00e9nero\" target=\"_blank\" rel=\"noopener noreferrer\">Ikusi\/deskargatu<\/a>[\/vc_column_text][\/vc_column_inner][\/vc_row_inner][vc_row_inner el_class=&#8221;custom-column parrafo imgsombra manuales&#8221;][vc_column_inner width=&#8221;1\/3&#8243; css=&#8221;.vc_custom_1587034021690{padding-top: 50px !important;}&#8221;][vc_column_text el_class=&#8221;boton1 parrafo&#8221; css=&#8221;.vc_custom_1591803136046{padding-top: 30px !important;}&#8221;]<\/p>\n<h3>&#8220;Coeduca garapenean&#8221; proiektuaren triptikoa: garapenerako hezkuntza genero-ikuspegitik begiraleentzat<\/h3>\n<p><em>Fundaci\u00f3n Fondo Formaci\u00f3n<\/em>[\/vc_column_text][vc_column_text el_class=&#8221;boton1 parrafo&#8221;]<a href=\"\/wp-content\/uploads\/2020\/04\/triptico-coeduca-en-desarrollo-cas.pdf\" target=\"_blank\" rel=\"noopener noreferrer\"><img loading=\"lazy\" decoding=\"async\" class=\"aligncenter wp-image-1385 size-full\" src=\"https:\/\/fundacionfondo.eus\/wp-content\/uploads\/2020\/04\/triptico-coeduca-en-desarrollo.jpg\" alt=\"Tr\u00edptico Proyecto \u201cCoeduca en Desarrollo\u201d: Educaci\u00f3n para el Desarrollo desde la Perspectiva de G\u00e9nero\" width=\"1004\" height=\"709\" srcset=\"https:\/\/fundacionfondo.eus\/wp-content\/uploads\/2020\/04\/triptico-coeduca-en-desarrollo.jpg 1004w, https:\/\/fundacionfondo.eus\/wp-content\/uploads\/2020\/04\/triptico-coeduca-en-desarrollo-300x212.jpg 300w, https:\/\/fundacionfondo.eus\/wp-content\/uploads\/2020\/04\/triptico-coeduca-en-desarrollo-768x542.jpg 768w\" sizes=\"auto, (max-width: 1004px) 100vw, 1004px\" \/><\/a>[\/vc_column_text][vc_column_text el_class=&#8221;boton2&#8243;]<a href=\"\/wp-content\/uploads\/2020\/04\/triptico-coeduca-en-desarrollo-cas.pdf\" target=\"_blank\" rel=\"noopener noreferrer\">Ikusi\/deskargatu<\/a>[\/vc_column_text][\/vc_column_inner][vc_column_inner width=&#8221;1\/3&#8243; css=&#8221;.vc_custom_1587034026977{padding-top: 50px !important;}&#8221;][vc_column_text el_class=&#8221;boton1 parrafo&#8221; css=&#8221;.vc_custom_1591802961415{padding-top: 30px !important;}&#8221;]<\/p>\n<h3>&#8220;Coeduca garapenean&#8221; proiektuaren gidaliburua: garapenerako hezkuntza genero-ikuspegitik aisialdiko eta denbora libreko etorkizuneko begiraleentzat<\/h3>\n<p><em>Fundaci\u00f3n Fondo Formaci\u00f3n<\/em>[\/vc_column_text][vc_column_text el_class=&#8221;boton1 parrafo&#8221;]<a href=\"\/wp-content\/uploads\/2020\/04\/guia-recursos-coeduca-en-desarrollo-monitores-as.pdf\" target=\"_blank\" rel=\"noopener noreferrer\"><img loading=\"lazy\" decoding=\"async\" class=\"aligncenter wp-image-1381 size-full\" src=\"https:\/\/fundacionfondo.eus\/wp-content\/uploads\/2020\/04\/manual-coeduca-en-desarrollo-monitores-as.jpg\" alt=\"Manual Proyecto \u201cCoeduca en Desarrollo\u201d: Educaci\u00f3n para el Desarrollo desde la Perspectiva de G\u00e9nero para futuros\/as monitores\/as de ocio y tiempo libre\" width=\"501\" height=\"711\" srcset=\"https:\/\/fundacionfondo.eus\/wp-content\/uploads\/2020\/04\/manual-coeduca-en-desarrollo-monitores-as.jpg 501w, https:\/\/fundacionfondo.eus\/wp-content\/uploads\/2020\/04\/manual-coeduca-en-desarrollo-monitores-as-211x300.jpg 211w\" sizes=\"auto, (max-width: 501px) 100vw, 501px\" \/><\/a>[\/vc_column_text][vc_column_text el_class=&#8221;boton2&#8243;]<a href=\"\/wp-content\/uploads\/2020\/04\/guia-recursos-coeduca-en-desarrollo-monitores-as.pdf\" target=\"_blank\" rel=\"noopener noreferrer\">Ikusi\/deskargatu<\/a>[\/vc_column_text][\/vc_column_inner][vc_column_inner width=&#8221;1\/3&#8243; css=&#8221;.vc_custom_1587034037068{padding-top: 50px !important;}&#8221;][vc_column_text el_class=&#8221;boton1 parrafo&#8221; css=&#8221;.vc_custom_1591803257218{padding-top: 30px !important;}&#8221;]<\/p>\n<h3>Emakumeak munduko hitzaldietan. Tokikotik globalera.<\/h3>\n<p><em>Hegoa, 2006<br \/>\n<\/em>[\/vc_column_text][vc_column_text el_class=&#8221;boton1 parrafo&#8221;]<a href=\"\/wp-content\/uploads\/2020\/04\/mujeres-conferencias-mundiales-cast.pdf\" target=\"_blank\" rel=\"noopener noreferrer\"><img loading=\"lazy\" decoding=\"async\" class=\"aligncenter wp-image-1384 size-full\" src=\"https:\/\/fundacionfondo.eus\/wp-content\/uploads\/2020\/04\/mujeres-conferencias-mundiales.jpg\" alt=\"Las mujeres en las conferencias mundiales. De lo local a lo global.\" width=\"501\" height=\"702\" srcset=\"https:\/\/fundacionfondo.eus\/wp-content\/uploads\/2020\/04\/mujeres-conferencias-mundiales.jpg 501w, https:\/\/fundacionfondo.eus\/wp-content\/uploads\/2020\/04\/mujeres-conferencias-mundiales-214x300.jpg 214w\" sizes=\"auto, (max-width: 501px) 100vw, 501px\" \/><\/a>[\/vc_column_text][vc_column_text el_class=&#8221;boton2&#8243;]<a href=\"\/wp-content\/uploads\/2020\/04\/mujeres-conferencias-mundiales-cast.pdf\" target=\"_blank\" rel=\"noopener noreferrer\">Ikusi\/deskargatu<\/a>[\/vc_column_text][\/vc_column_inner][\/vc_row_inner][vc_row_inner el_class=&#8221;custom-column parrafo imgsombra manuales&#8221;][vc_column_inner width=&#8221;1\/3&#8243; css=&#8221;.vc_custom_1587034021690{padding-top: 50px !important;}&#8221;][vc_column_text el_class=&#8221;boton1 parrafo&#8221; css=&#8221;.vc_custom_1591803337738{padding-top: 30px !important;}&#8221;]<\/p>\n<h3>Komunikazioa, garapena eta ONGD<\/h3>\n<p><em>Javier Erro Sala. Hegoa, 2002<\/em>[\/vc_column_text][vc_column_text el_class=&#8221;boton1 parrafo&#8221;]<a href=\"\/wp-content\/uploads\/2020\/04\/comunicacion-desarrollo-ongs.pdf\" target=\"_blank\" rel=\"noopener noreferrer\"><img loading=\"lazy\" decoding=\"async\" class=\"aligncenter wp-image-1376 size-full\" src=\"https:\/\/fundacionfondo.eus\/wp-content\/uploads\/2020\/04\/comunicacion-desarrollo-ong.jpg\" alt=\"Comunicaci\u00f3n, Desarrollo y ONGD\" width=\"826\" height=\"703\" srcset=\"https:\/\/fundacionfondo.eus\/wp-content\/uploads\/2020\/04\/comunicacion-desarrollo-ong.jpg 826w, https:\/\/fundacionfondo.eus\/wp-content\/uploads\/2020\/04\/comunicacion-desarrollo-ong-300x255.jpg 300w, https:\/\/fundacionfondo.eus\/wp-content\/uploads\/2020\/04\/comunicacion-desarrollo-ong-768x654.jpg 768w\" sizes=\"auto, (max-width: 826px) 100vw, 826px\" \/><\/a>[\/vc_column_text][vc_column_text el_class=&#8221;boton2&#8243;]<a href=\"\/wp-content\/uploads\/2020\/04\/comunicacion-desarrollo-ongs.pdf\" target=\"_blank\" rel=\"noopener noreferrer\">Ikusi\/deskargatu<\/a>[\/vc_column_text][\/vc_column_inner][vc_column_inner width=&#8221;1\/3&#8243; css=&#8221;.vc_custom_1587034026977{padding-top: 50px !important;}&#8221;][vc_column_text el_class=&#8221;boton1 parrafo&#8221; css=&#8221;.vc_custom_1591803386252{padding-top: 30px !important;}&#8221;]<\/p>\n<h3>Genero-ikuspegia ezartzeko gida praktikoa: hezkidetza Agenda 2030 proiektuaren eta garapen iraunkorreko helburuen esparruan (GJH) 4 eta 5<\/h3>\n<p><em>Bakea eta Garapena GGKE eta Castell\u00f3ko Jaume i Unibertsitatea (Uji)<br \/>\n<\/em>[\/vc_column_text][vc_column_text el_class=&#8221;boton1 parrafo&#8221;]<a href=\"\/wp-content\/uploads\/2020\/04\/guia-practica-implementacion-perspectiva-genero.pdf\" target=\"_blank\" rel=\"noopener noreferrer\"><img loading=\"lazy\" decoding=\"async\" class=\"aligncenter wp-image-1379 size-full\" src=\"https:\/\/fundacionfondo.eus\/wp-content\/uploads\/2020\/04\/guia-practica-implementacion-perspectiva-genero.jpg\" alt=\"Gu\u00eda Pr\u00e1ctica para la implementaci\u00f3n de la perspectiva de G\u00e9nero: la coeducaci\u00f3n en el marco de la Agenda 2030 proyecto y de los objetivos de desarrollo sostenible (ODS) 4 y 5\" width=\"503\" height=\"703\" srcset=\"https:\/\/fundacionfondo.eus\/wp-content\/uploads\/2020\/04\/guia-practica-implementacion-perspectiva-genero.jpg 503w, https:\/\/fundacionfondo.eus\/wp-content\/uploads\/2020\/04\/guia-practica-implementacion-perspectiva-genero-215x300.jpg 215w\" sizes=\"auto, (max-width: 503px) 100vw, 503px\" \/><\/a>[\/vc_column_text][vc_column_text el_class=&#8221;boton2&#8243;]<a href=\"\/wp-content\/uploads\/2020\/04\/guia-practica-implementacion-perspectiva-genero.pdf\" target=\"_blank\" rel=\"noopener noreferrer\">Ikusi\/deskargatu<\/a>[\/vc_column_text][\/vc_column_inner][vc_column_inner width=&#8221;1\/3&#8243; css=&#8221;.vc_custom_1587034037068{padding-top: 50px !important;}&#8221;][vc_column_text el_class=&#8221;boton1 parrafo&#8221; css=&#8221;.vc_custom_1591803534139{padding-top: 30px !important;}&#8221;]<\/p>\n<h3>Garapenerako hezkuntza lan koadernoa<\/h3>\n<p><em>UNESCO Etxea<br \/>\n<\/em>[\/vc_column_text][vc_column_text el_class=&#8221;boton1 parrafo&#8221;]<a href=\"\/wp-content\/uploads\/2020\/04\/cuaderno-de-trabajo-de-educacion-para-el-desarrollo.pdf\" target=\"_blank\" rel=\"noopener noreferrer\"><img loading=\"lazy\" decoding=\"async\" class=\"aligncenter wp-image-1377 size-full\" src=\"https:\/\/fundacionfondo.eus\/wp-content\/uploads\/2020\/04\/cuaderno-trabajo-educacion-para-desarrollo.jpg\" alt=\"Cuaderno de trabajo de Educaci\u00f3n para el Desarrollo\" width=\"503\" height=\"713\" srcset=\"https:\/\/fundacionfondo.eus\/wp-content\/uploads\/2020\/04\/cuaderno-trabajo-educacion-para-desarrollo.jpg 503w, https:\/\/fundacionfondo.eus\/wp-content\/uploads\/2020\/04\/cuaderno-trabajo-educacion-para-desarrollo-212x300.jpg 212w\" sizes=\"auto, (max-width: 503px) 100vw, 503px\" \/><\/a>[\/vc_column_text][vc_column_text el_class=&#8221;boton2&#8243;]<a href=\"\/wp-content\/uploads\/2020\/04\/cuaderno-de-trabajo-de-educacion-para-el-desarrollo.pdf\" target=\"_blank\" rel=\"noopener noreferrer\">Ikusi\/deskargatu<\/a>[\/vc_column_text][\/vc_column_inner][\/vc_row_inner][vc_row_inner el_class=&#8221;custom-column parrafo imgsombra manuales&#8221;][vc_column_inner width=&#8221;1\/3&#8243; css=&#8221;.vc_custom_1587034021690{padding-top: 50px !important;}&#8221;][vc_column_text el_class=&#8221;boton1 parrafo&#8221; css=&#8221;.vc_custom_1601379183531{padding-top: 30px !important;}&#8221;]<\/p>\n<h3>GJHen erronka bigarren hezkuntzan. Garapenerako irakaskuntza-programa. Zu erronkaren parte zara. Proiektuaren material didaktikoak.<\/h3>\n<p><em>Garapenerako Nazioarteko Lankidetzaren Espainiako Agentzia (AECID), Kanpo Arazoetako eta Lankidetzarako Ministerioa.<br \/>\n<\/em>[\/vc_column_text][vc_column_text el_class=&#8221;boton1 parrafo&#8221;]<a href=\"\/wp-content\/uploads\/2020\/04\/desafio-ods-secundaria.pdf\" target=\"_blank\" rel=\"noopener noreferrer\"><img loading=\"lazy\" decoding=\"async\" class=\"aligncenter wp-image-1378 size-full\" src=\"https:\/\/fundacionfondo.eus\/wp-content\/uploads\/2020\/04\/desafio-ods-secundaria.jpg\" alt=\"El desaf\u00edo de los ODS en secundaria. Programa docente para el desarrollo. T\u00fa formas parte del reto. Materiales did\u00e1cticos del Proyecto.\" width=\"503\" height=\"713\" srcset=\"https:\/\/fundacionfondo.eus\/wp-content\/uploads\/2020\/04\/desafio-ods-secundaria.jpg 503w, https:\/\/fundacionfondo.eus\/wp-content\/uploads\/2020\/04\/desafio-ods-secundaria-212x300.jpg 212w\" sizes=\"auto, (max-width: 503px) 100vw, 503px\" \/><\/a>[\/vc_column_text][vc_column_text el_class=&#8221;boton2&#8243;]<a href=\"\/wp-content\/uploads\/2020\/04\/desafio-ods-secundaria.pdf\" target=\"_blank\" rel=\"noopener noreferrer\">Ikusi\/deskargatu<\/a>[\/vc_column_text][\/vc_column_inner][vc_column_inner width=&#8221;1\/3&#8243; css=&#8221;.vc_custom_1587034026977{padding-top: 50px !important;}&#8221;][vc_column_text el_class=&#8221;boton1 parrafo&#8221; css=&#8221;.vc_custom_1601379347324{padding-top: 30px !important;}&#8221;]<\/p>\n<h3>Garapenerako hezkuntza eskolara hurbiltzea. Nazioarteko itxura, tokiko itxura<\/h3>\n<p><em>Konsue Salinas<\/em>[\/vc_column_text][vc_column_text el_class=&#8221;boton1 parrafo&#8221;]<a href=\"\/wp-content\/uploads\/2020\/09\/acercando-educacion-para-desarrollo-a-escuela.pdf\" target=\"_blank\" rel=\"noopener noreferrer\"><img loading=\"lazy\" decoding=\"async\" class=\"aligncenter wp-image-1400 size-full\" src=\"https:\/\/fundacionfondo.eus\/wp-content\/uploads\/2020\/04\/acercando-educacion-desarrollo-escuelas.jpg\" alt=\"Acercando la Educaci\u00f3n para el Desarrollo a la escuela \" width=\"503\" height=\"713\" srcset=\"https:\/\/fundacionfondo.eus\/wp-content\/uploads\/2020\/04\/acercando-educacion-desarrollo-escuelas.jpg 503w, https:\/\/fundacionfondo.eus\/wp-content\/uploads\/2020\/04\/acercando-educacion-desarrollo-escuelas-212x300.jpg 212w\" sizes=\"auto, (max-width: 503px) 100vw, 503px\" \/><\/a>[\/vc_column_text][vc_column_text el_class=&#8221;boton2&#8243;]<a href=\"\/wp-content\/uploads\/2020\/09\/acercando-educacion-para-desarrollo-a-escuela.pdf\" target=\"_blank\" rel=\"noopener noreferrer\">Ikusi\/deskargatu<\/a><br \/>\n<a href=\"\/wp-content\/uploads\/2020\/09\/mensaje-konsue-salinas.pdf\" target=\"_blank\" rel=\"noopener noreferrer\">Konsue Salinas-en mezua<\/a><br \/>\n<a href=\"https:\/\/docentesparaeldesarrollo.blogspot.com\/2020\/04\/nueva-publicacion-colaborativa-del.html\" target=\"_blank\" rel=\"noopener noreferrer\">Hendere eta Coronavirus krisia<\/a>[\/vc_column_text][\/vc_column_inner][vc_column_inner width=&#8221;1\/3&#8243; css=&#8221;.vc_custom_1587034037068{padding-top: 50px !important;}&#8221;][\/vc_column_inner][\/vc_row_inner][\/vc_column][\/vc_row][vc_row][vc_column][vc_row_inner css=&#8221;.vc_custom_1587037735116{padding-top: 60px !important;}&#8221; el_class=&#8221;custom-column parrafo&#8221;][vc_column_inner][vc_column_text]<\/p>\n<h2>Ikus entzunesko materiala<\/h2>\n<p>[\/vc_column_text][\/vc_column_inner][\/vc_row_inner][vc_row_inner equal_height=&#8221;yes&#8221; el_class=&#8221;custom-column parrafo videos-contenedor&#8221; css=&#8221;.vc_custom_1588012673073{padding-top: 40px !important;}&#8221;][vc_column_inner width=&#8221;1\/2&#8243;][vc_column_text]<\/p>\n<h3>Saiden Bidaia<\/h3>\n<p><em>2007ko Goya saria Animaziozko film labur onenaren saria<\/em><br \/>\n<em>Zuzendaria: Coke Rioboo<\/em>[\/vc_column_text][vc_column_text el_class=&#8221;video&#8221;]<iframe loading=\"lazy\" src=\"https:\/\/www.youtube.com\/embed\/mF_ZSCxlAIU\" width=\"560\" height=\"315\" frameborder=\"0\" allowfullscreen=\"allowfullscreen\"><\/iframe>[\/vc_column_text][\/vc_column_inner][vc_column_inner width=&#8221;1\/2&#8243;][vc_column_text]<\/p>\n<h3>GJHak &#8211; Zer dira eta nola lortu<\/h3>\n<p><em>Ikus-entzunezkoak helburua 2030eko agenda ezagutaraztea du eta GJHak bere testuinguru global eta lokalean<\/em>[\/vc_column_text][vc_column_text el_class=&#8221;video&#8221;]<iframe loading=\"lazy\" src=\"https:\/\/www.youtube.com\/embed\/MCKH5xk8X-g\" width=\"560\" height=\"315\" frameborder=\"0\" allowfullscreen=\"allowfullscreen\"><\/iframe>[\/vc_column_text][\/vc_column_inner][\/vc_row_inner][vc_row_inner el_class=&#8221;custom-column parrafo&#8221; css=&#8221;.vc_custom_1588012591135{padding-top: 40px !important;}&#8221;][vc_column_inner width=&#8221;1\/4&#8243;][\/vc_column_inner][vc_column_inner width=&#8221;1\/2&#8243;][vc_column_text]<\/p>\n<h3>Made In L.A.<\/h3>\n<p><em>Hiru iberoamerikako etorkinen ezohiko istorioa dokumentatzen duen txostena, Los Angeles-en ustiapen tailerrak lan egiten dute<\/em>[\/vc_column_text][vc_column_text]<iframe loading=\"lazy\" src=\"https:\/\/www.youtube.com\/embed\/n7pgYxzxivk\" width=\"560\" height=\"315\" frameborder=\"0\" allowfullscreen=\"allowfullscreen\"><\/iframe>[\/vc_column_text][\/vc_column_inner][vc_column_inner width=&#8221;1\/4&#8243;][\/vc_column_inner][\/vc_row_inner][vc_row_inner el_class=&#8221;custom-column&#8221; css=&#8221;.vc_custom_1582899172619{padding-bottom: 50px !important;}&#8221;][vc_column_inner css=&#8221;.vc_custom_1583151994374{padding-right: 25px !important;}&#8221;][vc_column_text el_class=&#8221;boton1 parrafo&#8221; css=&#8221;.vc_custom_1591804271563{padding-top: 30px !important;}&#8221;]<\/p>\n<blockquote><p>Bere arrastoa uzten duen irakaskuntza ez da burutik burura egiten dena, bihotzetik bihotzera baizik<br \/>\n<em>Howard G.<\/em><\/p><\/blockquote>\n<p>[\/vc_column_text][\/vc_column_inner][\/vc_row_inner][\/vc_column][\/vc_row][vc_row content_placement=&#8221;top&#8221; ses_title=&#8221;Nuestros colaboradores&#8221; ses_subtitle=&#8221;\u00bfEres una empresa o un particular y est\u00e1s interesado en colaborar con nosotros?<br \/>\nPoco o mucho, lo importante es aportar vuestro granito de arena.<br \/>\nEscr\u00edbenos por favor a info@fondoempleo.net y te proporcionaremos informaci\u00f3n y datos de c\u00f3mo ser\u00e1n utilizados tus recursos.&#8221; el_class=&#8221;container&#8221; css=&#8221;.vc_custom_1582646411564{padding-top: 50px !important;padding-bottom: 50px !important;}&#8221;][vc_column][vc_row_inner][vc_column_inner el_class=&#8221;centrar separador1&#8243; css=&#8221;.vc_custom_1582716205809{padding-bottom: 60px !important;}&#8221;][vc_column_text]<\/p>\n<hr \/>\n<h3>Enpresa edo partikularra zara eta gurekin elkarlanean aritzeko interesa duzu?<\/h3>\n<p>Gutxi edo asko, garrantzitsuena zuen aletxoa ekartzea da.<br \/>\nIdatz iezaguzu, mesedez, <a href=\"mailto:info@fondoempleo.net\">info@fondoempleo.net<\/a> helbidera, eta zure baliabideak nola erabiliko diren jakiteko informazioa eta datuak emango dizkizugu.<\/p>\n<blockquote><p>Aldea egiteko txikiegia zarela uste baduzu, saia zaitez eltxo batekin lo egiten.<br \/>\n<em>Afrikako esaera zaharra<\/em><\/p><\/blockquote>\n<p>[\/vc_column_text][\/vc_column_inner][\/vc_row_inner][\/vc_column][\/vc_row][vc_row][vc_column] \n\n<section class=\"instraction-area\" style=\"background: transparent url() no-repeat center center\/cover;\n\n    position: relative;\">\n\n  <div class=\"container\">\n\n    <div class=\"row inspiration-full-box\">\n\n      <div class=\"col-md-9 section-header-l\">\n\n        <h2>Jarri harremanetan Fondo Formaci\u00f3n Fundazioarekin<\/h2>\n\n        <p>Orientazio-zerbitzuan hitzordua eskatu nahi baduzu, lan-bitartekaritzako zerbitzuarekin harremanetan jarri, zure enpresarako pertsona bat kontratatu edo Fundazioko taldeko kide izan nahi baduzu, zure esanetara gaude<\/p>\n\n      <\/div>\n\n\n\n      <div class=\"col-md-3\">\n\n        <div class=\"instraction-btn\">\n\n          <a href=\"\/eu\/harremana\" class=\"\">harremanetan jarri<\/a>\n\n        <\/div>\n\n      <\/div>\n\n    <\/div>\n\n  <\/div>\n\n<\/section>\n\n[\/vc_column][\/vc_row]<\/p>\n<\/div>","protected":false},"excerpt":{"rendered":"<p>[vc_row][vc_column][vc_row_inner css=&#8221;.vc_custom_1587037717115{padding-top: 60px !important;}&#8221; el_class=&#8221;custom-column parrafo&#8221;][vc_column_inner][vc_column_text] Argitalpenak [\/vc_column_text][\/vc_column_inner][\/vc_row_inner][\/vc_column][\/vc_row][vc_row css=&#8221;.vc_custom_1582648748845{background-color: #f9f9f9 !important;}&#8221;][vc_column][vc_row_inner el_class=&#8221;custom-column parrafo imgsombra manuales&#8221;][vc_column_inner width=&#8221;1\/3&#8243; css=&#8221;.vc_custom_1587034021690{padding-top: 50px !important;}&#8221;][vc_column_text el_class=&#8221;boton1 [&hellip;]<\/p>\n","protected":false},"author":1,"featured_media":0,"parent":1668,"menu_order":0,"comment_status":"closed","ping_status":"closed","template":"page-templates\/other-page.php","meta":{"h5ap_radio_sources":[],"footnotes":""},"class_list":["post-1681","page","type-page","status-publish","hentry"],"_links":{"self":[{"href":"https:\/\/fundacionfondo.eus\/eu\/wp-json\/wp\/v2\/pages\/1681","targetHints":{"allow":["GET"]}}],"collection":[{"href":"https:\/\/fundacionfondo.eus\/eu\/wp-json\/wp\/v2\/pages"}],"about":[{"href":"https:\/\/fundacionfondo.eus\/eu\/wp-json\/wp\/v2\/types\/page"}],"author":[{"embeddable":true,"href":"https:\/\/fundacionfondo.eus\/eu\/wp-json\/wp\/v2\/users\/1"}],"replies":[{"embeddable":true,"href":"https:\/\/fundacionfondo.eus\/eu\/wp-json\/wp\/v2\/comments?post=1681"}],"version-history":[{"count":11,"href":"https:\/\/fundacionfondo.eus\/eu\/wp-json\/wp\/v2\/pages\/1681\/revisions"}],"predecessor-version":[{"id":1871,"href":"https:\/\/fundacionfondo.eus\/eu\/wp-json\/wp\/v2\/pages\/1681\/revisions\/1871"}],"up":[{"embeddable":true,"href":"https:\/\/fundacionfondo.eus\/eu\/wp-json\/wp\/v2\/pages\/1668"}],"wp:attachment":[{"href":"https:\/\/fundacionfondo.eus\/eu\/wp-json\/wp\/v2\/media?parent=1681"}],"curies":[{"name":"wp","href":"https:\/\/api.w.org\/{rel}","templated":true}]}}